{"id":393,"date":"2023-10-28T10:20:38","date_gmt":"2023-10-28T10:20:38","guid":{"rendered":"http:\/\/aluminisbongust.com\/?page_id=393"},"modified":"2023-12-21T21:34:22","modified_gmt":"2023-12-21T21:34:22","slug":"politica-de-privacidad","status":"publish","type":"page","link":"https:\/\/aluminisbongust.com\/cat\/politica-de-privacidad\/","title":{"rendered":"Pol\u00edtica de privadesa"},"content":{"rendered":"<div data-elementor-type=\"wp-page\" data-elementor-id=\"393\" class=\"elementor elementor-393\" data-elementor-post-type=\"page\">\n\t\t\t\t\t\t<section class=\"elementor-section elementor-top-section elementor-element elementor-element-a44b4e4 elementor-section-boxed elementor-section-height-default elementor-section-height-default\" data-id=\"a44b4e4\" data-element_type=\"section\" data-e-type=\"section\">\n\t\t\t\t\t\t<div class=\"elementor-container elementor-column-gap-default\">\n\t\t\t\t\t<div class=\"elementor-column elementor-col-100 elementor-top-column elementor-element elementor-element-a4ef5ac\" data-id=\"a4ef5ac\" data-element_type=\"column\" data-e-type=\"column\">\n\t\t\t<div class=\"elementor-widget-wrap elementor-element-populated\">\n\t\t\t\t\t\t<div class=\"elementor-element elementor-element-73a3877 elementor-widget elementor-widget-text-editor\" data-id=\"73a3877\" data-element_type=\"widget\" data-e-type=\"widget\" data-widget_type=\"text-editor.default\">\n\t\t\t\t<div class=\"elementor-widget-container\">\n\t\t\t\t\t\t\t\t\t<p>En compliment del Reglament (UE) 2016\/679 del Parlament Europeu i del Consell, de 27 d'abril del 2016, relatiu a la protecci\u00f3 de les persones f\u00edsiques pel que fa al tractament de dades personals, pel qual es deroga la directiva 95 \/46\/CE (d'ara endavant, RGPD), de la Llei 34\/2002, d'11 de juliol, de serveis de la societat de la informaci\u00f3 i comer\u00e7 electr\u00f2nic (d'ara endavant, LSSI-CE) i de la Llei org\u00e0nica 3\/2018 , de Protecci\u00f3 de Dades Personals i garantia dels drets digitals (d'ara endavant, LOPDGDD), Aluminis Bon Gust (Jaime Sanjaume Vadillo) garanteix la protecci\u00f3 i confidencialitat de les dades personals, de qualsevol tipus que ens proporcionin els nostres clients, d'acord amb all\u00f2 disposat al Reglament General de Protecci\u00f3 de Dades de Car\u00e0cter Personal.<\/p>\n<p>Les dades facilitades seran tractades en els termes establerts al RGPD, en aquest sentit Aluminis Bon Gust (Jaime Sanjaume Vadillo) ha adoptat els nivells de protecci\u00f3 que legalment s'exigeixen, i ha instal\u00b7lat totes les mesures t\u00e8cniques al seu abast per evitar la p\u00e8rdua, mal \u00fas, alteraci\u00f3, acc\u00e9s no autoritzat per tercers, exposats a continuaci\u00f3. Tot i aix\u00f2, l'usuari ha de ser conscient que les mesures de seguretat a Internet no s\u00f3n inexpugnables.<\/p>\n<p><strong>Responsable del tractament<\/strong><\/p>\n<p>Denominaci\u00f3: Jaime Sanjaume Vadillo<br>\nCIF: 38860729K<br>\nTel\u00e8fon: 622 464 387<br>\nCorreu electr\u00f2nic: info@aluminisbongust.com<\/p>\n<p><strong>Finalitat del tractament<\/strong><\/p>\n<p>Totes les dades facilitades pels nostres clients i\/o visitants a la web d'Aluminis Bon Gust (Jaime Sanjaume Vadillo) o al seu personal, seran incloses al registre d'activitats de tractament de dades de car\u00e0cter personal, creat i mantingut sota la responsabilitat d'Aluminis Bon Gust (Jaime Sanjaume Vadillo), imprescindibles per prestar els serveis sol\u00b7licitats pels usuaris, o per resoldre els dubtes o q\u00fcestions plantejades pels nostres visitants. La nostra pol\u00edtica \u00e9s no fer perfils sobre els usuaris dels nostres serveis.<\/p>\n<p><strong>Legitimitat del tractament<\/strong><\/p>\n<ol type=\"a\">\n<li>Relaci\u00f3 contractual: \u00c9s la que aplica quan compra un dels nostres productes o contracta algun dels nostres serveis.<\/li>\n<li>Inter\u00e8s leg\u00edtim: Per atendre les consultes i reclamacions que ens plantege i per gestionar el cobrament de les quantitats degudes.<\/li>\n<li>El vostre consentiment: Si sou usuari de la nostra web, mitjan\u00e7ant la marcaci\u00f3 de la casella que figura al formulari de contacte, ens autoritzeu que us remetem les comunicacions necess\u00e0ries per donar resposta a la consulta o sol\u00b7licitud d'informaci\u00f3 plantejada.<\/li>\n<\/ol>\n<p><strong>Destinatari<\/strong><\/p>\n<p>No cedim les vostres dades personals a ning\u00fa, a excepci\u00f3 d'aquelles entitats p\u00fabliques o privades a les quals estiguem obligats a facilitar les vostres dades personals amb motiu del compliment d'alguna llei. Per posar un exemple, la Llei Tribut\u00e0ria obliga a facilitar a lAg\u00e8ncia Tribut\u00e0ria determinada informaci\u00f3 sobre operacions econ\u00f2miques que superin una determinada quantitat.<\/p>\n<p>En el cas que, al marge dels sup\u00f2sits comentats, necessitem donar a con\u00e8ixer la vostra informaci\u00f3 personal a altres entitats, us sol\u00b7licitarem pr\u00e8viament el vostre perm\u00eds a trav\u00e9s d'opcions clares que us permetran decidir sobre aix\u00f2.<\/p>\n<p><strong>Comunicaci\u00f3<\/strong><\/p>\n<p>No farem transfer\u00e8ncies internacionals de les vostres dades personals per a cap de les finalitats indicades.<\/p>\n<p><strong>Conservaci\u00f3<\/strong><\/p>\n<p>Nom\u00e9s conservarem les vostres dades personals durant el temps que resulti necessari per aconseguir les finalitats per a les quals van ser recollides. A l'hora de determinar el per\u00edode de conservaci\u00f3 oport\u00fa, examinem els riscos que comporta el tractament, aix\u00ed com les nostres obligacions contractuals, legals i normatives, les pol\u00edtiques internes de conservaci\u00f3 de dades i els nostres interessos de negoci leg\u00edtims descrits en aquest Av\u00eds de Privadesa i Pol\u00edtica de galetes.<\/p>\n<p>En este sentido, Aluminis Bon Gust (Jaime Sanjaume Vadillo) conservar\u00e1 los datos personales una vez terminada su relaci\u00f3n con Ud., debidamente bloqueados, durante el plazo de prescripci\u00f3n de las acciones que pudieran derivarse de la relaci\u00f3n mantenida con el interesado.<\/p>\n<p>Un cop bloquejades, les seves dades resulten inaccessibles per a Aluminis Bon Gust (Jaime Sanjaume Vadillo), i no seran tractades excepte per a la seva posada a disposici\u00f3 a les administracions p\u00fabliques, jutges i tribunals, per a l'atenci\u00f3 de les possibles responsabilitats nascudes dels tractaments, aix\u00ed com per a l'exercici i la defensa de reclamacions davant l'Ag\u00e8ncia Espanyola de Protecci\u00f3 de Dades.<\/p>\n<p><strong>Seguretat<\/strong><\/p>\n<p>Fem servir tots els esfor\u00e7os raonables per mantenir la confidencialitat de la informaci\u00f3 personal que es tracti en els nostres sistemes. Mantenim estrictes nivells de seguretat per protegir les dades de car\u00e0cter personal que processem davant de p\u00e8rdues fortu\u00eftes i accessos, tractaments o revelacions no autoritzades, tenint en compte l'estat de la tecnologia, la naturalesa i els riscos a qu\u00e8 estan exposades les dades. No obstant aix\u00f2, no podem responsabilitzar-nos de l'\u00fas que feu de les dades (incl\u00f2s usuari i contrasenya) que utilitzeu a la nostra web. El nostre personal segueix estrictes normes de privadesa i en el cas que contractem tercers per prestar serveis de suport, els exigim que acatin les mateixes normes i ens permetin auditar-los per verificar el seu compliment.<\/p>\n<p><strong>Els seus drets<\/strong><\/p>\n<p>Us informem que podreu exercir els drets seg\u00fcents:<\/p>\n<ol type=\"a\">\n<li>Dret d'acc\u00e9s a les vostres dades personals, per saber quines estan sent objecte de tractament i les operacions de tractament dutes a terme amb elles;<\/li>\n<li>Dret de rectificaci\u00f3 de qualsevol dada personal inexacta;<\/li>\n<li>Dret de supressi\u00f3 de les vostres dades personals, quan aix\u00f2 sigui possible (per exemple, per imperatiu legal);<\/li>\n<li>Dret de limitaci\u00f3 del tractament de les vostres dades personals quan l'exactitud, la legalitat o la necessitat del tractament de les dades resulti dubtosa, en aquest cas, podrem conservar-les per a l'exercici o la defensa de reclamacions.<\/li>\n<li>Dret d'oposici\u00f3 al tractament de les vostres dades personals, quan la base legal que ens habiliti per al vostre tractament de les indicades sigui el nostre inter\u00e8s leg\u00edtim. Jaime Sanjaume Vadillo deixar\u00e0 de tractar les teves dades tret que tingui un inter\u00e8s leg\u00edtim o sigui necessari per a la defensa de reclamacions.<\/li>\n<li>Dret a la portabilitat de les vostres dades, quan la base legal que ens habiliti per al vostre tractament sigui l'exist\u00e8ncia d'una relaci\u00f3 contractual o el vostre consentiment.<\/li>\n<li>Dret a revocar el consentiment atorgat a Aluminis Bon Gust (Jaime Sanjaume Vadillo)<\/li>\n<\/ol>\n<p>Per exercitar els vostres drets, podeu fer-ho de manera gratu\u00efta i en qualsevol moment contactant amb nosaltres a l'adre\u00e7a Rambla Riera i Penya, 33, 08358 Arenys de Munt, Barcelona, \u200b\u200badjuntant c\u00f2pia del vostre DNI.<\/p>\n<p><strong>Tutela de drets<\/strong><\/p>\n<p>En cas que entengueu que els vostres drets han estat desatesos per la nostra entitat, podeu formular una reclamaci\u00f3 a l'Ag\u00e8ncia Espanyola de Protecci\u00f3 de Dades, a trav\u00e9s d'algun dels mitjans seg\u00fcents:<\/p>\n<ul>\n<li>Seu electr\u00f2nica: <a href=\"https:\/\/www.aepd.es\" target=\"_blank\" rel=\"noopener\">https:\/\/www.aepd.es<\/a><\/li>\n<li>Correu postal: Ag\u00e8ncia Espanyola de Protecci\u00f3 de Dades, C\/ Jorge Juan, 6, 28001, Madrid<\/li>\n<li>Tel\u00e8fon: 901.100.099 i 912.663.517<\/li>\n<\/ul>\n<p>Formular una reclamaci\u00f3 a l'Ag\u00e8ncia Espanyola de Protecci\u00f3 de Dades no comporta cap cost i no cal l'assist\u00e8ncia d'advocat ni procurador.<\/p>\n<p><strong>Actualitzacions<\/strong><\/p>\n<p>Aluminis Bon Gust (Jaime Sanjaume Vadillo) es reserva el dret a modificar aquesta pol\u00edtica per adaptar-la a novetats legislatives o jurisprudencials que puguin afectar-ne el compliment.<br>\nEn compliment del Reglament (UE) 2016\/679 del Parlament Europeu i del Consell, de 27 d'abril del 2016, relatiu a la protecci\u00f3 de les persones f\u00edsiques pel que fa al tractament de dades personals, pel qual es deroga la directiva 95 \/46\/CE (d'ara endavant, RGPD), de la Llei 34\/2002, d'11 de juliol, de serveis de la societat de la informaci\u00f3 i comer\u00e7 electr\u00f2nic (d'ara endavant, LSSI-CE) i de la Llei org\u00e0nica 3\/2018 , de Protecci\u00f3 de Dades Personals i garantia dels drets digitals (d'ara endavant, LOPDGDD), Aluminis Bon Gust (Jaime Sanjaume Vadillo) garanteix la protecci\u00f3 i confidencialitat de les dades personals, de qualsevol tipus que ens proporcionin els nostres clients, d'acord amb all\u00f2 disposat al Reglament General de Protecci\u00f3 de Dades de Car\u00e0cter Personal.<\/p>\n<p>Les dades facilitades seran tractades en els termes establerts al RGPD, en aquest sentit Aluminis Bon Gust (Jaime Sanjaume Vadillo) ha adoptat els nivells de protecci\u00f3 que legalment s'exigeixen, i ha instal\u00b7lat totes les mesures t\u00e8cniques al seu abast per evitar la p\u00e8rdua, mal \u00fas, alteraci\u00f3, acc\u00e9s no autoritzat per tercers, exposats a continuaci\u00f3. Tot i aix\u00f2, l'usuari ha de ser conscient que les mesures de seguretat a Internet no s\u00f3n inexpugnables.<\/p>\n<p><strong>Responsable del tractament<\/strong><\/p>\n<p>Denominaci\u00f3: Jaime Sanjaume Vadillo<br>\nCIF: 38860729K<br>\nTel\u00e8fon: 622 464 387<br>\nCorreu electr\u00f2nic: info@aluminisbongust.com<\/p>\n<p><strong>Finalitat del tractament<\/strong><\/p>\n<p>Totes les dades facilitades pels nostres clients i\/o visitants a la web d'Aluminis Bon Gust (Jaime Sanjaume Vadillo) o al seu personal, seran incloses al registre d'activitats de tractament de dades de car\u00e0cter personal, creat i mantingut sota la responsabilitat d'Aluminis Bon Gust (Jaime Sanjaume Vadillo), imprescindibles per prestar els serveis sol\u00b7licitats pels usuaris, o per resoldre els dubtes o q\u00fcestions plantejades pels nostres visitants. La nostra pol\u00edtica \u00e9s no fer perfils sobre els usuaris dels nostres serveis.<\/p>\n<p><strong>Legitimitat del tractament<\/strong><\/p>\n<ol type=\"a\">\n<li>Relaci\u00f3 contractual: \u00c9s la que aplica quan compra un dels nostres productes o contracta algun dels nostres serveis.<\/li>\n<li>Inter\u00e8s leg\u00edtim: Per atendre les consultes i reclamacions que ens plantege i per gestionar el cobrament de les quantitats degudes.<\/li>\n<li>El vostre consentiment: Si sou usuari de la nostra web, mitjan\u00e7ant la marcaci\u00f3 de la casella que figura al formulari de contacte, ens autoritzeu que us remetem les comunicacions necess\u00e0ries per donar resposta a la consulta o sol\u00b7licitud d'informaci\u00f3 plantejada.<\/li>\n<\/ol>\n<p><strong>Destinatari<\/strong><\/p>\n<p>No cedim les vostres dades personals a ning\u00fa, a excepci\u00f3 d'aquelles entitats p\u00fabliques o privades a les quals estiguem obligats a facilitar les vostres dades personals amb motiu del compliment d'alguna llei. Per posar un exemple, la Llei Tribut\u00e0ria obliga a facilitar a lAg\u00e8ncia Tribut\u00e0ria determinada informaci\u00f3 sobre operacions econ\u00f2miques que superin una determinada quantitat.<\/p>\n<p>En el cas que, al marge dels sup\u00f2sits comentats, necessitem donar a con\u00e8ixer la vostra informaci\u00f3 personal a altres entitats, us sol\u00b7licitarem pr\u00e8viament el vostre perm\u00eds a trav\u00e9s d'opcions clares que us permetran decidir sobre aix\u00f2.<\/p>\n<p><strong>Comunicaci\u00f3<\/strong><\/p>\n<p>No farem transfer\u00e8ncies internacionals de les vostres dades personals per a cap de les finalitats indicades.<\/p>\n<p><strong>Conservaci\u00f3<\/strong><\/p>\n<p>Nom\u00e9s conservarem les vostres dades personals durant el temps que resulti necessari per aconseguir les finalitats per a les quals van ser recollides. A l'hora de determinar el per\u00edode de conservaci\u00f3 oport\u00fa, examinem els riscos que comporta el tractament, aix\u00ed com les nostres obligacions contractuals, legals i normatives, les pol\u00edtiques internes de conservaci\u00f3 de dades i els nostres interessos de negoci leg\u00edtims descrits en aquest Av\u00eds de Privadesa i Pol\u00edtica de galetes.<\/p>\n<p>En este sentido, Aluminis Bon Gust (Jaime Sanjaume Vadillo) conservar\u00e1 los datos personales una vez terminada su relaci\u00f3n con Ud., debidamente bloqueados, durante el plazo de prescripci\u00f3n de las acciones que pudieran derivarse de la relaci\u00f3n mantenida con el interesado.<\/p>\n<p>Un cop bloquejades, les seves dades resulten inaccessibles per a Aluminis Bon Gust (Jaime Sanjaume Vadillo), i no seran tractades excepte per a la seva posada a disposici\u00f3 a les administracions p\u00fabliques, jutges i tribunals, per a l'atenci\u00f3 de les possibles responsabilitats nascudes dels tractaments, aix\u00ed com per a l'exercici i la defensa de reclamacions davant l'Ag\u00e8ncia Espanyola de Protecci\u00f3 de Dades.<\/p>\n<p><strong>Seguretat<\/strong><\/p>\n<p>Fem servir tots els esfor\u00e7os raonables per mantenir la confidencialitat de la informaci\u00f3 personal que es tracti en els nostres sistemes. Mantenim estrictes nivells de seguretat per protegir les dades de car\u00e0cter personal que processem davant de p\u00e8rdues fortu\u00eftes i accessos, tractaments o revelacions no autoritzades, tenint en compte l'estat de la tecnologia, la naturalesa i els riscos a qu\u00e8 estan exposades les dades. No obstant aix\u00f2, no podem responsabilitzar-nos de l'\u00fas que feu de les dades (incl\u00f2s usuari i contrasenya) que utilitzeu a la nostra web. El nostre personal segueix estrictes normes de privadesa i en el cas que contractem tercers per prestar serveis de suport, els exigim que acatin les mateixes normes i ens permetin auditar-los per verificar el seu compliment.<\/p>\n<p><strong>Els seus drets<\/strong><\/p>\n<p>Us informem que podreu exercir els drets seg\u00fcents:<\/p>\n<ol type=\"a\">\n<li>Dret d'acc\u00e9s a les vostres dades personals, per saber quines estan sent objecte de tractament i les operacions de tractament dutes a terme amb elles;<\/li>\n<li>Dret de rectificaci\u00f3 de qualsevol dada personal inexacta;<\/li>\n<li>Dret de supressi\u00f3 de les vostres dades personals, quan aix\u00f2 sigui possible (per exemple, per imperatiu legal);<\/li>\n<li>Dret de limitaci\u00f3 del tractament de les vostres dades personals quan l'exactitud, la legalitat o la necessitat del tractament de les dades resulti dubtosa, en aquest cas, podrem conservar-les per a l'exercici o la defensa de reclamacions.<\/li>\n<li>Dret d'oposici\u00f3 al tractament de les vostres dades personals, quan la base legal que ens habiliti per al vostre tractament de les indicades sigui el nostre inter\u00e8s leg\u00edtim. Jaime Sanjaume Vadillo deixar\u00e0 de tractar les teves dades tret que tingui un inter\u00e8s leg\u00edtim o sigui necessari per a la defensa de reclamacions.<\/li>\n<li>Dret a la portabilitat de les vostres dades, quan la base legal que ens habiliti per al vostre tractament sigui l'exist\u00e8ncia d'una relaci\u00f3 contractual o el vostre consentiment.<\/li>\n<li>Dret a revocar el consentiment atorgat a Aluminis Bon Gust (Jaime Sanjaume Vadillo)<\/li>\n<\/ol>\n<p>Per exercitar els vostres drets, podeu fer-ho de manera gratu\u00efta i en qualsevol moment contactant amb nosaltres a l'adre\u00e7a Rambla Riera i Penya, 33, 08358 Arenys de Munt, Barcelona, \u200b\u200badjuntant c\u00f2pia del vostre DNI.<\/p>\n<p><strong>Tutela de drets<\/strong><\/p>\n<p>En cas que entengueu que els vostres drets han estat desatesos per la nostra entitat, podeu formular una reclamaci\u00f3 a l'Ag\u00e8ncia Espanyola de Protecci\u00f3 de Dades, a trav\u00e9s d'algun dels mitjans seg\u00fcents:<\/p>\n<ul>\n<li>Seu electr\u00f2nica: <a href=\"https:\/\/www.aepd.es\" target=\"_blank\" rel=\"noopener\">https:\/\/www.aepd.es<\/a><\/li>\n<li>Correu postal: Ag\u00e8ncia Espanyola de Protecci\u00f3 de Dades, C\/ Jorge Juan, 6, 28001, Madrid<\/li>\n<li>Tel\u00e8fon: 901.100.099 i 912.663.517<\/li>\n<\/ul>\n<p>Formular una reclamaci\u00f3 a l'Ag\u00e8ncia Espanyola de Protecci\u00f3 de Dades no comporta cap cost i no cal l'assist\u00e8ncia d'advocat ni procurador.<\/p>\n<p><strong>Actualitzacions<\/strong><\/p>\n<p>Aluminis Bon Gust (Jaime Sanjaume Vadillo) es reserva el dret a modificar aquesta pol\u00edtica per adaptar-la a novetats legislatives o jurisprudencials que puguin afectar-ne el compliment.<\/p>\t\t\t\t\t\t\t\t<\/div>\n\t\t\t\t<\/div>\n\t\t\t\t\t<\/div>\n\t\t<\/div>\n\t\t\t\t\t<\/div>\n\t\t<\/section>\n\t\t\t\t<\/div>","protected":false},"excerpt":{"rendered":"<p>En cumplimiento del Reglamento (UE) 2016\/679 del Parlamento Europeo y del Consejo, de 27 de abril de 2016, relativo a la protecci\u00f3n de las personas f\u00edsicas en lo que respecta al tratamiento de datos personales, por el que se deroga la directiva 95\/46\/CE (en adelante, RGPD), de la Ley 34\/2002, de 11 de julio, de [&hellip;]<\/p>\n","protected":false},"author":1,"featured_media":0,"parent":0,"menu_order":0,"comment_status":"closed","ping_status":"closed","template":"","meta":{"_joinchat":[],"footnotes":""},"class_list":["post-393","page","type-page","status-publish","hentry"],"_links":{"self":[{"href":"https:\/\/aluminisbongust.com\/cat\/wp-json\/wp\/v2\/pages\/393","targetHints":{"allow":["GET"]}}],"collection":[{"href":"https:\/\/aluminisbongust.com\/cat\/wp-json\/wp\/v2\/pages"}],"about":[{"href":"https:\/\/aluminisbongust.com\/cat\/wp-json\/wp\/v2\/types\/page"}],"author":[{"embeddable":true,"href":"https:\/\/aluminisbongust.com\/cat\/wp-json\/wp\/v2\/users\/1"}],"replies":[{"embeddable":true,"href":"https:\/\/aluminisbongust.com\/cat\/wp-json\/wp\/v2\/comments?post=393"}],"version-history":[{"count":10,"href":"https:\/\/aluminisbongust.com\/cat\/wp-json\/wp\/v2\/pages\/393\/revisions"}],"predecessor-version":[{"id":803,"href":"https:\/\/aluminisbongust.com\/cat\/wp-json\/wp\/v2\/pages\/393\/revisions\/803"}],"wp:attachment":[{"href":"https:\/\/aluminisbongust.com\/cat\/wp-json\/wp\/v2\/media?parent=393"}],"curies":[{"name":"wp","href":"https:\/\/api.w.org\/{rel}","templated":true}]}}